{"id":13,"date":"2021-07-09T16:00:06","date_gmt":"2021-07-09T16:00:06","guid":{"rendered":"https:\/\/etanaka.tk\/?page_id=13"},"modified":"2024-02-14T15:26:22","modified_gmt":"2024-02-14T15:26:22","slug":"inicio","status":"publish","type":"page","link":"https:\/\/fra.mirex.gob.do\/consular\/marsella\/","title":{"rendered":"Inicio"},"content":{"rendered":"\t\t<div data-elementor-type=\"wp-page\" data-elementor-id=\"13\" class=\"elementor elementor-13\" data-elementor-post-type=\"page\">\n\t\t\t\t\t\t<section class=\"elementor-section elementor-top-section elementor-element elementor-element-c320e64 elementor-section-full_width elementor-section-height-default elementor-section-height-default\" data-id=\"c320e64\" data-element_type=\"section\" data-e-type=\"section\" data-settings=\"{&quot;background_background&quot;:&quot;classic&quot;}\">\n\t\t\t\t\t\t\t<div class=\"elementor-background-overlay\"><\/div>\n\t\t\t\t\t\t\t<div class=\"elementor-container elementor-column-gap-default\">\n\t\t\t\t\t<div class=\"elementor-column elementor-col-100 elementor-top-column elementor-element elementor-element-dcd93a4\" data-id=\"dcd93a4\" data-element_type=\"column\" data-e-type=\"column\">\n\t\t\t<div class=\"elementor-widget-wrap elementor-element-populated\">\n\t\t\t\t\t\t<div class=\"elementor-element elementor-element-a3e6cef elementor-pagination-position-inside elementor-skin-carousel elementor-arrows-yes elementor-pagination-type-bullets elementor-invisible elementor-widget elementor-widget-media-carousel\" data-id=\"a3e6cef\" data-element_type=\"widget\" data-e-type=\"widget\" data-settings=\"{&quot;slides_per_view&quot;:&quot;1&quot;,&quot;_animation&quot;:&quot;fadeIn&quot;,&quot;skin&quot;:&quot;carousel&quot;,&quot;effect&quot;:&quot;slide&quot;,&quot;show_arrows&quot;:&quot;yes&quot;,&quot;pagination&quot;:&quot;bullets&quot;,&quot;speed&quot;:500,&quot;autoplay&quot;:&quot;yes&quot;,&quot;autoplay_speed&quot;:5000,&quot;loop&quot;:&quot;yes&quot;,&quot;pause_on_hover&quot;:&quot;yes&quot;,&quot;pause_on_interaction&quot;:&quot;yes&quot;,&quot;space_between&quot;:{&quot;unit&quot;:&quot;px&quot;,&quot;size&quot;:10,&quot;sizes&quot;:[]},&quot;space_between_tablet&quot;:{&quot;unit&quot;:&quot;px&quot;,&quot;size&quot;:10,&quot;sizes&quot;:[]},&quot;space_between_mobile&quot;:{&quot;unit&quot;:&quot;px&quot;,&quot;size&quot;:10,&quot;sizes&quot;:[]}}\" data-widget_type=\"media-carousel.default\">\n\t\t\t\t<div class=\"elementor-widget-container\">\n\t\t\t\t\t\t\t\t\t<div class=\"elementor-swiper\">\n\t\t\t\t\t<div class=\"elementor-main-swiper swiper\" role=\"region\" aria-roledescription=\"carousel\" aria-label=\"Slides\">\n\t\t\t\t<div class=\"swiper-wrapper\">\n\t\t\t\t\t\t\t\t\t\t\t<div class=\"swiper-slide\" role=\"group\" aria-roledescription=\"slide\">\n\t\t\t\t\t\t\t\t\t<div class=\"elementor-carousel-image\" role=\"img\" aria-label=\"banner dominican flag\" style=\"background-image: url(&#039;https:\/\/fra.mirex.gob.do\/consular\/marsella\/wp-content\/uploads\/2022\/06\/banner-dominican-flag.png&#039;)\">\n\n\t\t\t\n\t\t\t\t\t<\/div>\n\t\t\t\t\t\t\t\t<\/div>\n\t\t\t\t\t\t\t\t\t<\/div>\n\t\t\t\t\t\t\t<\/div>\n\t\t\t\t<\/div>\n\t\t\t\t\t\t\t\t<\/div>\n\t\t\t\t<\/div>\n\t\t\t\t\t<\/div>\n\t\t<\/div>\n\t\t\t\t\t<\/div>\n\t\t<\/section>\n\t\t\t\t<section class=\"elementor-section elementor-top-section elementor-element elementor-element-6c016e84 elementor-section-height-min-height elementor-section-boxed elementor-section-height-default elementor-section-items-middle\" data-id=\"6c016e84\" data-element_type=\"section\" data-e-type=\"section\">\n\t\t\t\t\t\t\t<div class=\"elementor-background-overlay\"><\/div>\n\t\t\t\t\t\t\t<div class=\"elementor-container elementor-column-gap-default\">\n\t\t\t\t\t<div class=\"elementor-column elementor-col-50 elementor-top-column elementor-element elementor-element-34d97719\" data-id=\"34d97719\" data-element_type=\"column\" data-e-type=\"column\">\n\t\t\t<div class=\"elementor-widget-wrap elementor-element-populated\">\n\t\t\t\t\t\t<div class=\"elementor-element elementor-element-2d1ff9e5 elementor-invisible elementor-widget elementor-widget-image\" data-id=\"2d1ff9e5\" data-element_type=\"widget\" data-e-type=\"widget\" data-settings=\"{&quot;_animation&quot;:&quot;fadeInLeft&quot;}\" data-widget_type=\"image.default\">\n\t\t\t\t<div class=\"elementor-widget-container\">\n\t\t\t\t\t\t\t\t\t\t\t\t\t\t\t<img fetchpriority=\"high\" decoding=\"async\" width=\"801\" height=\"418\" src=\"https:\/\/fra.mirex.gob.do\/consular\/marsella\/wp-content\/uploads\/2022\/06\/auth-image.png\" class=\"attachment-large size-large wp-image-5925\" alt=\"\" srcset=\"https:\/\/fra.mirex.gob.do\/consular\/marsella\/wp-content\/uploads\/2022\/06\/auth-image.png 801w, https:\/\/fra.mirex.gob.do\/consular\/marsella\/wp-content\/uploads\/2022\/06\/auth-image-300x157.png 300w, https:\/\/fra.mirex.gob.do\/consular\/marsella\/wp-content\/uploads\/2022\/06\/auth-image-768x401.png 768w\" sizes=\"(max-width: 801px) 100vw, 801px\" \/>\t\t\t\t\t\t\t\t\t\t\t\t\t\t\t<\/div>\n\t\t\t\t<\/div>\n\t\t\t\t\t<\/div>\n\t\t<\/div>\n\t\t\t\t<div class=\"elementor-column elementor-col-50 elementor-top-column elementor-element elementor-element-756967e7 elementor-invisible\" data-id=\"756967e7\" data-element_type=\"column\" data-e-type=\"column\" data-settings=\"{&quot;motion_fx_motion_fx_scrolling&quot;:&quot;yes&quot;,&quot;animation&quot;:&quot;fadeInRight&quot;,&quot;motion_fx_devices&quot;:[&quot;desktop&quot;,&quot;tablet&quot;,&quot;mobile&quot;]}\">\n\t\t\t<div class=\"elementor-widget-wrap elementor-element-populated\">\n\t\t\t\t\t\t<div class=\"elementor-element elementor-element-42cf1d44 elementor-widget elementor-widget-heading\" data-id=\"42cf1d44\" data-element_type=\"widget\" data-e-type=\"widget\" data-widget_type=\"heading.default\">\n\t\t\t\t<div class=\"elementor-widget-container\">\n\t\t\t\t\t<h2 class=\"elementor-heading-title elementor-size-default\">E-TICKET<\/h2>\t\t\t\t<\/div>\n\t\t\t\t<\/div>\n\t\t\t\t<div class=\"elementor-element elementor-element-658ef4b1 elementor-widget elementor-widget-text-editor\" data-id=\"658ef4b1\" data-element_type=\"widget\" data-e-type=\"widget\" data-widget_type=\"text-editor.default\">\n\t\t\t\t<div class=\"elementor-widget-container\">\n\t\t\t\t\t\t\t\t\t<p style=\"text-align: center;\">Formulario obligatorio <br \/>para entrada y salida <br \/>de la Rep\u00fablica Dominicana<\/p>\t\t\t\t\t\t\t\t<\/div>\n\t\t\t\t<\/div>\n\t\t\t\t<div class=\"elementor-element elementor-element-2977760a elementor-widget elementor-widget-heading\" data-id=\"2977760a\" data-element_type=\"widget\" data-e-type=\"widget\" data-widget_type=\"heading.default\">\n\t\t\t\t<div class=\"elementor-widget-container\">\n\t\t\t\t\t<h2 class=\"elementor-heading-title elementor-size-default\">\u00a1Ahorra tiempo!<\/h2>\t\t\t\t<\/div>\n\t\t\t\t<\/div>\n\t\t\t\t<div class=\"elementor-element elementor-element-4a63fa04 elementor-align-center elementor-widget elementor-widget-button\" data-id=\"4a63fa04\" data-element_type=\"widget\" data-e-type=\"widget\" data-widget_type=\"button.default\">\n\t\t\t\t<div class=\"elementor-widget-container\">\n\t\t\t\t\t\t\t\t\t<div class=\"elementor-button-wrapper\">\n\t\t\t\t\t<a class=\"elementor-button elementor-button-link elementor-size-sm\" href=\"https:\/\/eticket.migracion.gob.do\/\" target=\"_blank\">\n\t\t\t\t\t\t<span class=\"elementor-button-content-wrapper\">\n\t\t\t\t\t\t\t\t\t<span class=\"elementor-button-text\">\u00a1Ll\u00e9nalo aqui!<\/span>\n\t\t\t\t\t<\/span>\n\t\t\t\t\t<\/a>\n\t\t\t\t<\/div>\n\t\t\t\t\t\t\t\t<\/div>\n\t\t\t\t<\/div>\n\t\t\t\t\t<\/div>\n\t\t<\/div>\n\t\t\t\t\t<\/div>\n\t\t<\/section>\n\t\t\t\t<section class=\"elementor-section elementor-top-section elementor-element elementor-element-891f792 elementor-section-boxed elementor-section-height-default elementor-section-height-default\" data-id=\"891f792\" data-element_type=\"section\" data-e-type=\"section\">\n\t\t\t\t\t\t<div class=\"elementor-container elementor-column-gap-default\">\n\t\t\t\t\t<div class=\"elementor-column elementor-col-100 elementor-top-column elementor-element elementor-element-87eeaf1\" data-id=\"87eeaf1\" data-element_type=\"column\" data-e-type=\"column\">\n\t\t\t<div class=\"elementor-widget-wrap elementor-element-populated\">\n\t\t\t\t\t\t<div class=\"elementor-element elementor-element-9882972 elementor-invisible elementor-widget elementor-widget-heading\" data-id=\"9882972\" data-element_type=\"widget\" data-e-type=\"widget\" data-settings=\"{&quot;_animation&quot;:&quot;slideInRight&quot;}\" data-widget_type=\"heading.default\">\n\t\t\t\t<div class=\"elementor-widget-container\">\n\t\t\t\t\t<h2 class=\"elementor-heading-title elementor-size-default\">Servicios\n\n<\/h2>\t\t\t\t<\/div>\n\t\t\t\t<\/div>\n\t\t\t\t<div class=\"elementor-element elementor-element-f5a48dd elementor-widget-divider--view-line elementor-widget elementor-widget-divider\" data-id=\"f5a48dd\" data-element_type=\"widget\" data-e-type=\"widget\" data-widget_type=\"divider.default\">\n\t\t\t\t<div class=\"elementor-widget-container\">\n\t\t\t\t\t\t\t<div class=\"elementor-divider\">\n\t\t\t<span class=\"elementor-divider-separator\">\n\t\t\t\t\t\t<\/span>\n\t\t<\/div>\n\t\t\t\t\t\t<\/div>\n\t\t\t\t<\/div>\n\t\t\t\t<section class=\"elementor-section elementor-inner-section elementor-element elementor-element-604f541 elementor-section-content-middle elementor-section-boxed elementor-section-height-default elementor-section-height-default elementor-invisible\" data-id=\"604f541\" data-element_type=\"section\" data-e-type=\"section\" data-settings=\"{&quot;animation&quot;:&quot;slideInLeft&quot;}\">\n\t\t\t\t\t\t<div class=\"elementor-container elementor-column-gap-default\">\n\t\t\t\t\t<div class=\"elementor-column elementor-col-33 elementor-inner-column elementor-element elementor-element-085e733 elementor-invisible\" data-id=\"085e733\" data-element_type=\"column\" data-e-type=\"column\" data-settings=\"{&quot;animation&quot;:&quot;fadeIn&quot;}\">\n\t\t\t<div class=\"elementor-widget-wrap elementor-element-populated\">\n\t\t\t\t\t\t<div class=\"elementor-element elementor-element-80c70fd elementor-cta--skin-classic elementor-animated-content elementor-bg-transform elementor-bg-transform-zoom-in elementor-widget elementor-widget-call-to-action\" data-id=\"80c70fd\" data-element_type=\"widget\" data-e-type=\"widget\" data-widget_type=\"call-to-action.default\">\n\t\t\t\t<div class=\"elementor-widget-container\">\n\t\t\t\t\t\t\t<a class=\"elementor-cta\" href=\"https:\/\/servicios360.mirex.gob.do\/pasaportes\/\" target=\"_blank\">\n\t\t\t\t\t\t\t<div class=\"elementor-cta__content\">\n\t\t\t\t\t\t\t\t\t<div class=\"elementor-content-item elementor-cta__content-item elementor-icon-wrapper elementor-cta__icon elementor-view-default\">\n\t\t\t\t\t\t<div class=\"elementor-icon\">\n\t\t\t\t\t\t\t<i aria-hidden=\"true\" class=\"fas fa-passport\"><\/i>\t\t\t\t\t\t<\/div>\n\t\t\t\t\t<\/div>\n\t\t\t\t\n\t\t\t\t\t\t\t\t\t<h3 class=\"elementor-cta__title elementor-cta__content-item elementor-content-item\">\n\t\t\t\t\t\tPasaportes\t\t\t\t\t<\/h3>\n\t\t\t\t\n\t\t\t\t\n\t\t\t\t\t\t\t<\/div>\n\t\t\t\t\t\t<\/a>\n\t\t\t\t\t\t<\/div>\n\t\t\t\t<\/div>\n\t\t\t\t\t<\/div>\n\t\t<\/div>\n\t\t\t\t<div class=\"elementor-column elementor-col-33 elementor-inner-column elementor-element elementor-element-8a45440 elementor-invisible\" data-id=\"8a45440\" data-element_type=\"column\" data-e-type=\"column\" data-settings=\"{&quot;animation&quot;:&quot;fadeIn&quot;}\">\n\t\t\t<div class=\"elementor-widget-wrap elementor-element-populated\">\n\t\t\t\t\t\t<div class=\"elementor-element elementor-element-d9fd2ba elementor-cta--skin-classic elementor-animated-content elementor-bg-transform elementor-bg-transform-zoom-in elementor-widget elementor-widget-call-to-action\" data-id=\"d9fd2ba\" data-element_type=\"widget\" data-e-type=\"widget\" data-widget_type=\"call-to-action.default\">\n\t\t\t\t<div class=\"elementor-widget-container\">\n\t\t\t\t\t\t\t<a class=\"elementor-cta\" href=\"https:\/\/servicios360.mirex.gob.do\/visas\/\" target=\"_blank\">\n\t\t\t\t\t\t\t<div class=\"elementor-cta__content\">\n\t\t\t\t\t\t\t\t\t<div class=\"elementor-content-item elementor-cta__content-item elementor-icon-wrapper elementor-cta__icon elementor-view-default\">\n\t\t\t\t\t\t<div class=\"elementor-icon\">\n\t\t\t\t\t\t\t<i aria-hidden=\"true\" class=\"fas fa-plane\"><\/i>\t\t\t\t\t\t<\/div>\n\t\t\t\t\t<\/div>\n\t\t\t\t\n\t\t\t\t\t\t\t\t\t<h3 class=\"elementor-cta__title elementor-cta__content-item elementor-content-item\">\n\t\t\t\t\t\tExpedici\u00f3n Visa\t\t\t\t\t<\/h3>\n\t\t\t\t\n\t\t\t\t\n\t\t\t\t\t\t\t<\/div>\n\t\t\t\t\t\t<\/a>\n\t\t\t\t\t\t<\/div>\n\t\t\t\t<\/div>\n\t\t\t\t\t<\/div>\n\t\t<\/div>\n\t\t\t\t<div class=\"elementor-column elementor-col-33 elementor-inner-column elementor-element elementor-element-275668e elementor-invisible\" data-id=\"275668e\" data-element_type=\"column\" data-e-type=\"column\" data-settings=\"{&quot;animation&quot;:&quot;fadeIn&quot;}\">\n\t\t\t<div class=\"elementor-widget-wrap elementor-element-populated\">\n\t\t\t\t\t\t<div class=\"elementor-element elementor-element-cc6ffe6 elementor-cta--skin-classic elementor-animated-content elementor-bg-transform elementor-bg-transform-zoom-in elementor-widget elementor-widget-call-to-action\" data-id=\"cc6ffe6\" data-element_type=\"widget\" data-e-type=\"widget\" data-widget_type=\"call-to-action.default\">\n\t\t\t\t<div class=\"elementor-widget-container\">\n\t\t\t\t\t\t\t<a class=\"elementor-cta\" href=\"https:\/\/servicios360.mirex.gob.do\/apostillas-legalizaciones\" target=\"_blank\">\n\t\t\t\t\t\t\t<div class=\"elementor-cta__content\">\n\t\t\t\t\t\t\t\t\t<div class=\"elementor-content-item elementor-cta__content-item elementor-icon-wrapper elementor-cta__icon elementor-view-default\">\n\t\t\t\t\t\t<div class=\"elementor-icon\">\n\t\t\t\t\t\t\t<i aria-hidden=\"true\" class=\"fas fa-stamp\"><\/i>\t\t\t\t\t\t<\/div>\n\t\t\t\t\t<\/div>\n\t\t\t\t\n\t\t\t\t\t\t\t\t\t<h3 class=\"elementor-cta__title elementor-cta__content-item elementor-content-item\">\n\t\t\t\t\t\tLegalizaci\u00f3n\t\t\t\t\t<\/h3>\n\t\t\t\t\n\t\t\t\t\n\t\t\t\t\t\t\t<\/div>\n\t\t\t\t\t\t<\/a>\n\t\t\t\t\t\t<\/div>\n\t\t\t\t<\/div>\n\t\t\t\t\t<\/div>\n\t\t<\/div>\n\t\t\t\t\t<\/div>\n\t\t<\/section>\n\t\t\t\t<section class=\"elementor-section elementor-inner-section elementor-element elementor-element-805b38d elementor-section-content-middle elementor-section-boxed elementor-section-height-default elementor-section-height-default elementor-invisible\" data-id=\"805b38d\" data-element_type=\"section\" data-e-type=\"section\" data-settings=\"{&quot;animation&quot;:&quot;slideInLeft&quot;}\">\n\t\t\t\t\t\t<div class=\"elementor-container elementor-column-gap-default\">\n\t\t\t\t\t<div class=\"elementor-column elementor-col-33 elementor-inner-column elementor-element elementor-element-6157bc5 elementor-invisible\" data-id=\"6157bc5\" data-element_type=\"column\" data-e-type=\"column\" data-settings=\"{&quot;animation&quot;:&quot;fadeIn&quot;}\">\n\t\t\t<div class=\"elementor-widget-wrap elementor-element-populated\">\n\t\t\t\t\t\t<div class=\"elementor-element elementor-element-fb60c03 elementor-cta--skin-classic elementor-animated-content elementor-bg-transform elementor-bg-transform-zoom-in elementor-widget elementor-widget-call-to-action\" data-id=\"fb60c03\" data-element_type=\"widget\" data-e-type=\"widget\" data-widget_type=\"call-to-action.default\">\n\t\t\t\t<div class=\"elementor-widget-container\">\n\t\t\t\t\t\t\t<a class=\"elementor-cta\" href=\"https:\/\/servicios360.mirex.gob.do\/certificaciones\/\" target=\"_blank\">\n\t\t\t\t\t\t\t<div class=\"elementor-cta__content\">\n\t\t\t\t\t\t\t\t\t<div class=\"elementor-content-item elementor-cta__content-item elementor-icon-wrapper elementor-cta__icon elementor-view-default\">\n\t\t\t\t\t\t<div class=\"elementor-icon\">\n\t\t\t\t\t\t\t<i aria-hidden=\"true\" class=\"fas fa-award\"><\/i>\t\t\t\t\t\t<\/div>\n\t\t\t\t\t<\/div>\n\t\t\t\t\n\t\t\t\t\t\t\t\t\t<h3 class=\"elementor-cta__title elementor-cta__content-item elementor-content-item\">\n\t\t\t\t\t\tCertificaciones\t\t\t\t\t<\/h3>\n\t\t\t\t\n\t\t\t\t\n\t\t\t\t\t\t\t<\/div>\n\t\t\t\t\t\t<\/a>\n\t\t\t\t\t\t<\/div>\n\t\t\t\t<\/div>\n\t\t\t\t\t<\/div>\n\t\t<\/div>\n\t\t\t\t<div class=\"elementor-column elementor-col-33 elementor-inner-column elementor-element elementor-element-2d91536 elementor-invisible\" data-id=\"2d91536\" data-element_type=\"column\" data-e-type=\"column\" data-settings=\"{&quot;animation&quot;:&quot;fadeIn&quot;}\">\n\t\t\t<div class=\"elementor-widget-wrap elementor-element-populated\">\n\t\t\t\t\t\t<div class=\"elementor-element elementor-element-f4edce4 elementor-cta--skin-classic elementor-animated-content elementor-bg-transform elementor-bg-transform-zoom-in elementor-widget elementor-widget-call-to-action\" data-id=\"f4edce4\" data-element_type=\"widget\" data-e-type=\"widget\" data-widget_type=\"call-to-action.default\">\n\t\t\t\t<div class=\"elementor-widget-container\">\n\t\t\t\t\t\t\t<a class=\"elementor-cta\" href=\"https:\/\/servicios360.mirex.gob.do\/nacimiento\/\" target=\"_blank\">\n\t\t\t\t\t\t\t<div class=\"elementor-cta__content\">\n\t\t\t\t\t\t\t\t\t<div class=\"elementor-content-item elementor-cta__content-item elementor-icon-wrapper elementor-cta__icon elementor-view-default\">\n\t\t\t\t\t\t<div class=\"elementor-icon\">\n\t\t\t\t\t\t\t<i aria-hidden=\"true\" class=\"fas fa-child\"><\/i>\t\t\t\t\t\t<\/div>\n\t\t\t\t\t<\/div>\n\t\t\t\t\n\t\t\t\t\t\t\t\t\t<h3 class=\"elementor-cta__title elementor-cta__content-item elementor-content-item\">\n\t\t\t\t\t\tNacimiento\t\t\t\t\t<\/h3>\n\t\t\t\t\n\t\t\t\t\n\t\t\t\t\t\t\t<\/div>\n\t\t\t\t\t\t<\/a>\n\t\t\t\t\t\t<\/div>\n\t\t\t\t<\/div>\n\t\t\t\t\t<\/div>\n\t\t<\/div>\n\t\t\t\t<div class=\"elementor-column elementor-col-33 elementor-inner-column elementor-element elementor-element-cbd6362 elementor-invisible\" data-id=\"cbd6362\" data-element_type=\"column\" data-e-type=\"column\" data-settings=\"{&quot;animation&quot;:&quot;fadeIn&quot;}\">\n\t\t\t<div class=\"elementor-widget-wrap elementor-element-populated\">\n\t\t\t\t\t\t<div class=\"elementor-element elementor-element-8781637 elementor-cta--skin-classic elementor-animated-content elementor-bg-transform elementor-bg-transform-zoom-in elementor-widget elementor-widget-call-to-action\" data-id=\"8781637\" data-element_type=\"widget\" data-e-type=\"widget\" data-widget_type=\"call-to-action.default\">\n\t\t\t\t<div class=\"elementor-widget-container\">\n\t\t\t\t\t\t\t<a class=\"elementor-cta\" href=\"https:\/\/servicios360.mirex.gob.do\/poderes-notariales\/\" target=\"_blank\">\n\t\t\t\t\t\t\t<div class=\"elementor-cta__content\">\n\t\t\t\t\t\t\t\t\t<div class=\"elementor-content-item elementor-cta__content-item elementor-icon-wrapper elementor-cta__icon elementor-view-default\">\n\t\t\t\t\t\t<div class=\"elementor-icon\">\n\t\t\t\t\t\t\t<i aria-hidden=\"true\" class=\"far fa-file-powerpoint\"><\/i>\t\t\t\t\t\t<\/div>\n\t\t\t\t\t<\/div>\n\t\t\t\t\n\t\t\t\t\t\t\t\t\t<h3 class=\"elementor-cta__title elementor-cta__content-item elementor-content-item\">\n\t\t\t\t\t\tPoderes Notariales\t\t\t\t\t<\/h3>\n\t\t\t\t\n\t\t\t\t\n\t\t\t\t\t\t\t<\/div>\n\t\t\t\t\t\t<\/a>\n\t\t\t\t\t\t<\/div>\n\t\t\t\t<\/div>\n\t\t\t\t\t<\/div>\n\t\t<\/div>\n\t\t\t\t\t<\/div>\n\t\t<\/section>\n\t\t\t\t<section class=\"elementor-section elementor-inner-section elementor-element elementor-element-826c8b9 elementor-section-boxed elementor-section-height-default elementor-section-height-default elementor-invisible\" data-id=\"826c8b9\" data-element_type=\"section\" data-e-type=\"section\" data-settings=\"{&quot;animation&quot;:&quot;slideInLeft&quot;}\">\n\t\t\t\t\t\t<div class=\"elementor-container elementor-column-gap-default\">\n\t\t\t\t\t<div class=\"elementor-column elementor-col-50 elementor-inner-column elementor-element elementor-element-f28c09e\" data-id=\"f28c09e\" data-element_type=\"column\" data-e-type=\"column\">\n\t\t\t<div class=\"elementor-widget-wrap\">\n\t\t\t\t\t\t\t<\/div>\n\t\t<\/div>\n\t\t\t\t<div class=\"elementor-column elementor-col-50 elementor-inner-column elementor-element elementor-element-b3bc2f8\" data-id=\"b3bc2f8\" data-element_type=\"column\" data-e-type=\"column\" data-settings=\"{&quot;animation&quot;:&quot;none&quot;}\">\n\t\t\t<div class=\"elementor-widget-wrap elementor-element-populated\">\n\t\t\t\t\t\t<div class=\"elementor-element elementor-element-736fc26 elementor-align-right elementor-widget elementor-widget-button\" data-id=\"736fc26\" data-element_type=\"widget\" data-e-type=\"widget\" data-widget_type=\"button.default\">\n\t\t\t\t<div class=\"elementor-widget-container\">\n\t\t\t\t\t\t\t\t\t<div class=\"elementor-button-wrapper\">\n\t\t\t\t\t<a class=\"elementor-button elementor-button-link elementor-size-sm\" href=\"https:\/\/servicios360.mirex.gob.do\/\" target=\"_blank\">\n\t\t\t\t\t\t<span class=\"elementor-button-content-wrapper\">\n\t\t\t\t\t\t<span class=\"elementor-button-icon\">\n\t\t\t\t<i aria-hidden=\"true\" class=\"fas fa-arrow-right\"><\/i>\t\t\t<\/span>\n\t\t\t\t\t\t\t\t\t<span class=\"elementor-button-text\">Ver todos<\/span>\n\t\t\t\t\t<\/span>\n\t\t\t\t\t<\/a>\n\t\t\t\t<\/div>\n\t\t\t\t\t\t\t\t<\/div>\n\t\t\t\t<\/div>\n\t\t\t\t\t<\/div>\n\t\t<\/div>\n\t\t\t\t\t<\/div>\n\t\t<\/section>\n\t\t\t\t\t<\/div>\n\t\t<\/div>\n\t\t\t\t\t<\/div>\n\t\t<\/section>\n\t\t\t\t<section class=\"elementor-section elementor-top-section elementor-element elementor-element-723bfe44 elementor-section-boxed elementor-section-height-default elementor-section-height-default\" data-id=\"723bfe44\" data-element_type=\"section\" data-e-type=\"section\" data-settings=\"{&quot;background_background&quot;:&quot;classic&quot;}\">\n\t\t\t\t\t\t<div class=\"elementor-container elementor-column-gap-default\">\n\t\t\t\t\t<div class=\"elementor-column elementor-col-100 elementor-top-column elementor-element elementor-element-7568643b\" data-id=\"7568643b\" data-element_type=\"column\" data-e-type=\"column\">\n\t\t\t<div class=\"elementor-widget-wrap elementor-element-populated\">\n\t\t\t\t\t\t<div class=\"elementor-element elementor-element-508e1d53 animated-slow elementor-invisible elementor-widget elementor-widget-heading\" data-id=\"508e1d53\" data-element_type=\"widget\" data-e-type=\"widget\" data-settings=\"{&quot;_animation&quot;:&quot;fadeInRight&quot;}\" data-widget_type=\"heading.default\">\n\t\t\t\t<div class=\"elementor-widget-container\">\n\t\t\t\t\t<h2 class=\"elementor-heading-title elementor-size-default\">\u00daltimas Noticias\n\n<\/h2>\t\t\t\t<\/div>\n\t\t\t\t<\/div>\n\t\t\t\t<div class=\"elementor-element elementor-element-72f5052 elementor-widget-divider--view-line elementor-widget elementor-widget-divider\" data-id=\"72f5052\" data-element_type=\"widget\" data-e-type=\"widget\" data-widget_type=\"divider.default\">\n\t\t\t\t<div class=\"elementor-widget-container\">\n\t\t\t\t\t\t\t<div class=\"elementor-divider\">\n\t\t\t<span class=\"elementor-divider-separator\">\n\t\t\t\t\t\t<\/span>\n\t\t<\/div>\n\t\t\t\t\t\t<\/div>\n\t\t\t\t<\/div>\n\t\t\t\t<div class=\"elementor-element elementor-element-210da296 elementor-grid-3 elementor-grid-tablet-2 elementor-grid-mobile-1 elementor-posts--thumbnail-top elementor-card-shadow-yes elementor-posts__hover-gradient elementor-invisible elementor-widget elementor-widget-posts\" data-id=\"210da296\" data-element_type=\"widget\" data-e-type=\"widget\" data-settings=\"{&quot;cards_row_gap&quot;:{&quot;unit&quot;:&quot;px&quot;,&quot;size&quot;:21,&quot;sizes&quot;:[]},&quot;_animation&quot;:&quot;fadeInLeft&quot;,&quot;cards_columns&quot;:&quot;3&quot;,&quot;cards_columns_tablet&quot;:&quot;2&quot;,&quot;cards_columns_mobile&quot;:&quot;1&quot;,&quot;cards_row_gap_tablet&quot;:{&quot;unit&quot;:&quot;px&quot;,&quot;size&quot;:&quot;&quot;,&quot;sizes&quot;:[]},&quot;cards_row_gap_mobile&quot;:{&quot;unit&quot;:&quot;px&quot;,&quot;size&quot;:&quot;&quot;,&quot;sizes&quot;:[]}}\" data-widget_type=\"posts.cards\">\n\t\t\t\t<div class=\"elementor-widget-container\">\n\t\t\t\t\t\t\t<div class=\"elementor-posts-container elementor-posts elementor-posts--skin-cards elementor-grid\" role=\"list\">\n\t\t\t\t<article class=\"elementor-post elementor-grid-item post-6360 post type-post status-publish format-gallery has-post-thumbnail hentry category-noticias category-sin-categorizar tag-ana-baez-consul-en-marsella tag-consulado-dominicano-en-marsella tag-feria-sabores-del-mundo-2025 post_format-post-format-gallery\" role=\"listitem\">\n\t\t\t<div class=\"elementor-post__card\">\n\t\t\t\t<a class=\"elementor-post__thumbnail__link\" href=\"https:\/\/fra.mirex.gob.do\/consular\/marsella\/consulado-dominicano-en-marsella-promueve-gastronomia-e-inversion-en-sabores-del-mundo-2025\/\" tabindex=\"-1\" ><div class=\"elementor-post__thumbnail\"><img decoding=\"async\" width=\"1\" height=\"1\" src=\"https:\/\/fra.mirex.gob.do\/consular\/marsella\/wp-content\/uploads\/2025\/12\/IMG_3048.heic\" class=\"attachment-medium size-medium wp-image-6361\" alt=\"consulado dominicano en marsella feria sabores del mundo 2025\" \/><\/div><\/a>\n\t\t\t\t<div class=\"elementor-post__text\">\n\t\t\t\t<h3 class=\"elementor-post__title\">\n\t\t\t<a href=\"https:\/\/fra.mirex.gob.do\/consular\/marsella\/consulado-dominicano-en-marsella-promueve-gastronomia-e-inversion-en-sabores-del-mundo-2025\/\" >\n\t\t\t\tConsulado dominicano en Marsella promueve gastronom\u00eda e inversi\u00f3n en \u201cSabores del Mundo 2025\u201d\t\t\t<\/a>\n\t\t<\/h3>\n\t\t\t\t<div class=\"elementor-post__excerpt\">\n\t\t\t<p>&nbsp; Sol Valera Marsella, Francia.- Bajo el liderazgo de la c\u00f3nsul general Ana Emilia B\u00e1ez, el Consulado Dominicano en Marsella tuvo una participaci\u00f3n destacada en<\/p>\n\t\t<\/div>\n\t\t\t\t\t<div class=\"elementor-post__read-more-wrapper\">\n\t\t\n\t\t<a class=\"elementor-post__read-more\" href=\"https:\/\/fra.mirex.gob.do\/consular\/marsella\/consulado-dominicano-en-marsella-promueve-gastronomia-e-inversion-en-sabores-del-mundo-2025\/\" aria-label=\"Read more about Consulado dominicano en Marsella promueve gastronom\u00eda e inversi\u00f3n en \u201cSabores del Mundo 2025\u201d\" tabindex=\"-1\" >\n\t\t\tLeer m\u00e1s\t\t<\/a>\n\n\t\t\t\t\t<\/div>\n\t\t\t\t<\/div>\n\t\t\t\t<div class=\"elementor-post__meta-data\">\n\t\t\t\t\t<span class=\"elementor-post-date\">\n\t\t\tNovember 9, 2025\t\t<\/span>\n\t\t\t\t<\/div>\n\t\t\t\t\t<\/div>\n\t\t<\/article>\n\t\t\t\t<article class=\"elementor-post elementor-grid-item post-6350 post type-post status-publish format-standard has-post-thumbnail hentry category-noticias category-sin-categorizar tag-ana-baez tag-consulado-dominicano-en-marsella tag-dominicanos-en-marsella tag-toulon\" role=\"listitem\">\n\t\t\t<div class=\"elementor-post__card\">\n\t\t\t\t<a class=\"elementor-post__thumbnail__link\" href=\"https:\/\/fra.mirex.gob.do\/consular\/marsella\/el-consulado-dominicano-en-marsella-fortalece-lazos-con-la-comunidad-en-toulon\/\" tabindex=\"-1\" ><div class=\"elementor-post__thumbnail\"><img decoding=\"async\" width=\"300\" height=\"166\" src=\"https:\/\/fra.mirex.gob.do\/consular\/marsella\/wp-content\/uploads\/2025\/08\/bbe2ebc2-a83e-4342-8bf4-2eb6ea020acd-300x166.jpg\" class=\"attachment-medium size-medium wp-image-6353\" alt=\"consulado dominicano en marsella- Ana B\u00e1ez- consul dominicana en marsella\" srcset=\"https:\/\/fra.mirex.gob.do\/consular\/marsella\/wp-content\/uploads\/2025\/08\/bbe2ebc2-a83e-4342-8bf4-2eb6ea020acd-300x166.jpg 300w, https:\/\/fra.mirex.gob.do\/consular\/marsella\/wp-content\/uploads\/2025\/08\/bbe2ebc2-a83e-4342-8bf4-2eb6ea020acd-1024x566.jpg 1024w, https:\/\/fra.mirex.gob.do\/consular\/marsella\/wp-content\/uploads\/2025\/08\/bbe2ebc2-a83e-4342-8bf4-2eb6ea020acd-768x425.jpg 768w, https:\/\/fra.mirex.gob.do\/consular\/marsella\/wp-content\/uploads\/2025\/08\/bbe2ebc2-a83e-4342-8bf4-2eb6ea020acd-1536x849.jpg 1536w, https:\/\/fra.mirex.gob.do\/consular\/marsella\/wp-content\/uploads\/2025\/08\/bbe2ebc2-a83e-4342-8bf4-2eb6ea020acd.jpg 1999w\" sizes=\"(max-width: 300px) 100vw, 300px\" \/><\/div><\/a>\n\t\t\t\t<div class=\"elementor-post__text\">\n\t\t\t\t<h3 class=\"elementor-post__title\">\n\t\t\t<a href=\"https:\/\/fra.mirex.gob.do\/consular\/marsella\/el-consulado-dominicano-en-marsella-fortalece-lazos-con-la-comunidad-en-toulon\/\" >\n\t\t\t\tEl Consulado Dominicano en Marsella fortalece lazos con la comunidad en Toulon\t\t\t<\/a>\n\t\t<\/h3>\n\t\t\t\t<div class=\"elementor-post__excerpt\">\n\t\t\t<p>Toulon, Francia \u2013 El Consulado General de la Rep\u00fablica Dominicana en Marsella, Rep\u00fablica Francesa y la Association DominicanLatinos du Var realizaron un encuentro comunitario en<\/p>\n\t\t<\/div>\n\t\t\t\t\t<div class=\"elementor-post__read-more-wrapper\">\n\t\t\n\t\t<a class=\"elementor-post__read-more\" href=\"https:\/\/fra.mirex.gob.do\/consular\/marsella\/el-consulado-dominicano-en-marsella-fortalece-lazos-con-la-comunidad-en-toulon\/\" aria-label=\"Read more about El Consulado Dominicano en Marsella fortalece lazos con la comunidad en Toulon\" tabindex=\"-1\" >\n\t\t\tLeer m\u00e1s\t\t<\/a>\n\n\t\t\t\t\t<\/div>\n\t\t\t\t<\/div>\n\t\t\t\t<div class=\"elementor-post__meta-data\">\n\t\t\t\t\t<span class=\"elementor-post-date\">\n\t\t\tAugust 27, 2025\t\t<\/span>\n\t\t\t\t<\/div>\n\t\t\t\t\t<\/div>\n\t\t<\/article>\n\t\t\t\t<article class=\"elementor-post elementor-grid-item post-6311 post type-post status-publish format-standard has-post-thumbnail hentry category-noticias category-sin-categorizar tag-ana-baez-consul-en-marsella tag-ana-emilia-baez-consul-dominicana-en-marsella tag-consul-dominicana-en-marsella tag-consulado-dominicano-en-marsella tag-dia-de-la-restauration-dominicana\" role=\"listitem\">\n\t\t\t<div class=\"elementor-post__card\">\n\t\t\t\t<a class=\"elementor-post__thumbnail__link\" href=\"https:\/\/fra.mirex.gob.do\/consular\/marsella\/consulado-dominicano-en-marsella-conmemora-el-162-aniversario-de-la-restauracion-de-la-republica-dominicana\/\" tabindex=\"-1\" ><div class=\"elementor-post__thumbnail\"><img loading=\"lazy\" decoding=\"async\" width=\"300\" height=\"225\" src=\"https:\/\/fra.mirex.gob.do\/consular\/marsella\/wp-content\/uploads\/2025\/08\/WhatsApp-Image-2025-08-17-at-22.15.06-300x225.jpeg\" class=\"attachment-medium size-medium wp-image-6320\" alt=\"\" srcset=\"https:\/\/fra.mirex.gob.do\/consular\/marsella\/wp-content\/uploads\/2025\/08\/WhatsApp-Image-2025-08-17-at-22.15.06-300x225.jpeg 300w, https:\/\/fra.mirex.gob.do\/consular\/marsella\/wp-content\/uploads\/2025\/08\/WhatsApp-Image-2025-08-17-at-22.15.06-1024x768.jpeg 1024w, https:\/\/fra.mirex.gob.do\/consular\/marsella\/wp-content\/uploads\/2025\/08\/WhatsApp-Image-2025-08-17-at-22.15.06-768x576.jpeg 768w, https:\/\/fra.mirex.gob.do\/consular\/marsella\/wp-content\/uploads\/2025\/08\/WhatsApp-Image-2025-08-17-at-22.15.06-1536x1152.jpeg 1536w, https:\/\/fra.mirex.gob.do\/consular\/marsella\/wp-content\/uploads\/2025\/08\/WhatsApp-Image-2025-08-17-at-22.15.06.jpeg 1600w\" sizes=\"(max-width: 300px) 100vw, 300px\" \/><\/div><\/a>\n\t\t\t\t<div class=\"elementor-post__text\">\n\t\t\t\t<h3 class=\"elementor-post__title\">\n\t\t\t<a href=\"https:\/\/fra.mirex.gob.do\/consular\/marsella\/consulado-dominicano-en-marsella-conmemora-el-162-aniversario-de-la-restauracion-de-la-republica-dominicana\/\" >\n\t\t\t\tConsulado Dominicano en Marsella conmemora el 162 aniversario de la Restauraci\u00f3n de la Rep\u00fablica Dominicana\t\t\t<\/a>\n\t\t<\/h3>\n\t\t\t\t<div class=\"elementor-post__excerpt\">\n\t\t\t<p>Marsella,Francia. \u2013 Con motivo del 162 aniversario de la Restauraci\u00f3n de la Rep\u00fablica Dominicana, el Consulado General de la Rep\u00fablica Dominicana en Marsella, encabezado por<\/p>\n\t\t<\/div>\n\t\t\t\t\t<div class=\"elementor-post__read-more-wrapper\">\n\t\t\n\t\t<a class=\"elementor-post__read-more\" href=\"https:\/\/fra.mirex.gob.do\/consular\/marsella\/consulado-dominicano-en-marsella-conmemora-el-162-aniversario-de-la-restauracion-de-la-republica-dominicana\/\" aria-label=\"Read more about Consulado Dominicano en Marsella conmemora el 162 aniversario de la Restauraci\u00f3n de la Rep\u00fablica Dominicana\" tabindex=\"-1\" >\n\t\t\tLeer m\u00e1s\t\t<\/a>\n\n\t\t\t\t\t<\/div>\n\t\t\t\t<\/div>\n\t\t\t\t<div class=\"elementor-post__meta-data\">\n\t\t\t\t\t<span class=\"elementor-post-date\">\n\t\t\tAugust 18, 2025\t\t<\/span>\n\t\t\t\t<\/div>\n\t\t\t\t\t<\/div>\n\t\t<\/article>\n\t\t\t\t<\/div>\n\t\t\n\t\t\t\t\t\t<\/div>\n\t\t\t\t<\/div>\n\t\t\t\t\t<\/div>\n\t\t<\/div>\n\t\t\t\t\t<\/div>\n\t\t<\/section>\n\t\t\t\t<section class=\"elementor-section elementor-top-section elementor-element elementor-element-a3ba1f5 elementor-section-boxed elementor-section-height-default elementor-section-height-default\" data-id=\"a3ba1f5\" data-element_type=\"section\" data-e-type=\"section\">\n\t\t\t\t\t\t<div class=\"elementor-container elementor-column-gap-default\">\n\t\t\t\t\t<div class=\"elementor-column elementor-col-100 elementor-top-column elementor-element elementor-element-9fba64e\" data-id=\"9fba64e\" data-element_type=\"column\" data-e-type=\"column\">\n\t\t\t<div class=\"elementor-widget-wrap elementor-element-populated\">\n\t\t\t\t\t\t<div class=\"elementor-element elementor-element-9c622f4 elementor-invisible elementor-widget elementor-widget-heading\" data-id=\"9c622f4\" data-element_type=\"widget\" data-e-type=\"widget\" data-settings=\"{&quot;_animation&quot;:&quot;slideInRight&quot;}\" data-widget_type=\"heading.default\">\n\t\t\t\t<div class=\"elementor-widget-container\">\n\t\t\t\t\t<h2 class=\"elementor-heading-title elementor-size-default\">Multimedia\n<\/h2>\t\t\t\t<\/div>\n\t\t\t\t<\/div>\n\t\t\t\t<div class=\"elementor-element elementor-element-14238e2 elementor-widget-divider--view-line elementor-widget elementor-widget-divider\" data-id=\"14238e2\" data-element_type=\"widget\" data-e-type=\"widget\" data-widget_type=\"divider.default\">\n\t\t\t\t<div class=\"elementor-widget-container\">\n\t\t\t\t\t\t\t<div class=\"elementor-divider\">\n\t\t\t<span class=\"elementor-divider-separator\">\n\t\t\t\t\t\t<\/span>\n\t\t<\/div>\n\t\t\t\t\t\t<\/div>\n\t\t\t\t<\/div>\n\t\t\t\t<div class=\"elementor-element elementor-element-ea36e2d elementor-invisible elementor-widget elementor-widget-shortcode\" data-id=\"ea36e2d\" data-element_type=\"widget\" data-e-type=\"widget\" data-settings=\"{&quot;_animation&quot;:&quot;slideInLeft&quot;}\" data-widget_type=\"shortcode.default\">\n\t\t\t\t<div class=\"elementor-widget-container\">\n\t\t\t\t\t\t\t<div class=\"elementor-shortcode\">\n\n<div id=\"sb_youtube_sbyUCdLyJH1znrd8s4E0b2CeeA6\" \n\t class=\"sb_youtube sby_layout_grid sby_col_3 sby_mob_col_1 sby_palette_custom  sby_width_resp\" \n\tdata-feedid=\"sby_UCdL_yJH1znrd8s4E0b2CeeA#6\" \n\tdata-shortcode-atts=\"{&quot;feed&quot;:&quot;1&quot;}\" \n\tdata-cols=\"3\" \n\tdata-colsmobile=\"1\" \n\tdata-num=\"6\" \n\tdata-nummobile=\"6\" \n\tdata-channel-subscribers=\"3.6K subscribers\"\tdata-subscribe-btn=\"1\" \n\tdata-subscribe-btn-text=\"Suscribir\" \n\tdata_channel_header_colors =\"{&quot;channelName&quot;:&quot;&quot;,&quot;subscribeCount&quot;:&quot;&quot;,&quot;buttonBackground&quot;:&quot;&quot;,&quot;buttonText&quot;:&quot;&quot;}\"\n\t data-sby-flags=\"resizeDisable\" data-postid=\"6311\" data-sby-supports-lightbox=\"1\" \n\t data-videocardlayout=\"vertical\" \n>\n\t        <div class=\"sby_items_wrap\" style=\"padding: 5px;\">\n\t\t<div class=\"sby_item  sby_new sby_transition\" id=\"sby_VVVkTF95Skgxem5yZDhzNEUwYjJDZWVBLlFycEVySEFVcHNN\" data-date=\"1777410980\" data-video-id=\"QrpErHAUpsM\">\n    <div class=\"sby_inner_item\">\n        <div class=\"sby_video_thumbnail_wrap sby_item_video_thumbnail_wrap\">\n            <a class=\"sby_video_thumbnail sby_item_video_thumbnail\" href=\"https:\/\/www.youtube.com\/watch?v=QrpErHAUpsM\" target=\"_blank\" rel=\"noopener\" data-full-res=\"https:\/\/i.ytimg.com\/vi\/QrpErHAUpsM\/maxresdefault.jpg\" data-img-src-set=\"{&quot;120&quot;:&quot;https:\\\/\\\/i.ytimg.com\\\/vi\\\/QrpErHAUpsM\\\/default.jpg&quot;,&quot;320&quot;:&quot;https:\\\/\\\/i.ytimg.com\\\/vi\\\/QrpErHAUpsM\\\/mqdefault.jpg&quot;,&quot;480&quot;:&quot;https:\\\/\\\/i.ytimg.com\\\/vi\\\/QrpErHAUpsM\\\/hqdefault.jpg&quot;,&quot;640&quot;:&quot;https:\\\/\\\/i.ytimg.com\\\/vi\\\/QrpErHAUpsM\\\/sddefault.jpg&quot;}\" data-video-id=\"QrpErHAUpsM\" data-video-title=\"Declaraci\u00f3n conjunta entre los ministros de Rep\u00fablica Dominicana y el Reino de Espa\u00f1a\">\n                <img decoding=\"async\" src=\"https:\/\/fra.mirex.gob.do\/consular\/marsella\/wp-content\/plugins\/feeds-for-youtube\/img\/placeholder.png\" alt=\"\">\n\n                <div class=\"sby_thumbnail_hover sby_item_video_thumbnail_hover\">\n                    <div class=\"sby_thumbnail_hover_inner\">\n                                                    <span class=\"sby_video_title\" >Declaraci\u00f3n conjunta entre los ministros de Rep\u00fablica Dominicana y el Reino de Espa\u00f1a<\/span>\n                                            <\/div>\n                <\/div>\n\n                                    <div class=\"sby_play_btn\" >\n                        <span class=\"sby_play_btn_bg\"><\/span>\n                        <svg aria-hidden=\"true\" focusable=\"false\" data-prefix=\"fab\" data-icon=\"youtube\" role=\"img\" xmlns=\"http:\/\/www.w3.org\/2000\/svg\" viewBox=\"0 0 576 512\" class=\"svg-inline--fa fa-youtube fa-w-18\"><path fill=\"currentColor\" d=\"M549.655 124.083c-6.281-23.65-24.787-42.276-48.284-48.597C458.781 64 288 64 288 64S117.22 64 74.629 75.486c-23.497 6.322-42.003 24.947-48.284 48.597-11.412 42.867-11.412 132.305-11.412 132.305s0 89.438 11.412 132.305c6.281 23.65 24.787 41.5 48.284 47.821C117.22 448 288 448 288 448s170.78 0 213.371-11.486c23.497-6.321 42.003-24.171 48.284-47.821 11.412-42.867 11.412-132.305 11.412-132.305s0-89.438-11.412-132.305zm-317.51 213.508V175.185l142.739 81.205-142.739 81.201z\" class=\"\"><\/path><\/svg>                    <\/div>\n                                <span class=\"sby_loader sby_hidden\" style=\"background-color: rgb(255, 255, 255);\"><\/span>\n            <\/a>\n\n                    <\/div>\n    <\/div>\n<\/div><div class=\"sby_item  sby_new sby_transition\" id=\"sby_VVVkTF95Skgxem5yZDhzNEUwYjJDZWVBLmVRN3lYQTB2U2l3\" data-date=\"1776891625\" data-video-id=\"eQ7yXA0vSiw\">\n    <div class=\"sby_inner_item\">\n        <div class=\"sby_video_thumbnail_wrap sby_item_video_thumbnail_wrap\">\n            <a class=\"sby_video_thumbnail sby_item_video_thumbnail\" href=\"https:\/\/www.youtube.com\/watch?v=eQ7yXA0vSiw\" target=\"_blank\" rel=\"noopener\" data-full-res=\"https:\/\/i.ytimg.com\/vi\/eQ7yXA0vSiw\/maxresdefault.jpg\" data-img-src-set=\"{&quot;120&quot;:&quot;https:\\\/\\\/i.ytimg.com\\\/vi\\\/eQ7yXA0vSiw\\\/default.jpg&quot;,&quot;320&quot;:&quot;https:\\\/\\\/i.ytimg.com\\\/vi\\\/eQ7yXA0vSiw\\\/mqdefault.jpg&quot;,&quot;480&quot;:&quot;https:\\\/\\\/i.ytimg.com\\\/vi\\\/eQ7yXA0vSiw\\\/hqdefault.jpg&quot;,&quot;640&quot;:&quot;https:\\\/\\\/i.ytimg.com\\\/vi\\\/eQ7yXA0vSiw\\\/sddefault.jpg&quot;}\" data-video-id=\"eQ7yXA0vSiw\" data-video-title=\"Presidente Abinader recibe Cartas Credenciales de seis nuevos embajadores acreditados en el pa\u00eds\">\n                <img decoding=\"async\" src=\"https:\/\/fra.mirex.gob.do\/consular\/marsella\/wp-content\/plugins\/feeds-for-youtube\/img\/placeholder.png\" alt=\"El presidente Luis Abinader, en compa\u00f1\u00eda de la vicepresidenta Raquel Pe\u00f1a y el canciller Roberto \u00c1lvarez, recibi\u00f3 las Cartas Credenciales de seis nuevos embajadores, quienes quedaron formalmente acreditados ante el Gobierno dominicano.\n\nSe trata de los nuevos representantes de la delegaci\u00f3n de la Republica Italiana, Sergio Maffettone; Confederaci\u00f3n Suiza, Pascal Bornoz; Nueva Zelanda, Nicola Jane Stilwell; Republica de San Marino, Alessandro Mario Segnini Bocchia Di San Lorenzo; Republica de Finlandia, Eija Rotinen y del Reino de Suecia, Anna Kristina Craenen\">\n\n                <div class=\"sby_thumbnail_hover sby_item_video_thumbnail_hover\">\n                    <div class=\"sby_thumbnail_hover_inner\">\n                                                    <span class=\"sby_video_title\" >Presidente Abinader recibe Cartas Credenciales de seis nuevos embajadores acreditados en el pa\u00eds<\/span>\n                                            <\/div>\n                <\/div>\n\n                                    <div class=\"sby_play_btn\" >\n                        <span class=\"sby_play_btn_bg\"><\/span>\n                        <svg aria-hidden=\"true\" focusable=\"false\" data-prefix=\"fab\" data-icon=\"youtube\" role=\"img\" xmlns=\"http:\/\/www.w3.org\/2000\/svg\" viewBox=\"0 0 576 512\" class=\"svg-inline--fa fa-youtube fa-w-18\"><path fill=\"currentColor\" d=\"M549.655 124.083c-6.281-23.65-24.787-42.276-48.284-48.597C458.781 64 288 64 288 64S117.22 64 74.629 75.486c-23.497 6.322-42.003 24.947-48.284 48.597-11.412 42.867-11.412 132.305-11.412 132.305s0 89.438 11.412 132.305c6.281 23.65 24.787 41.5 48.284 47.821C117.22 448 288 448 288 448s170.78 0 213.371-11.486c23.497-6.321 42.003-24.171 48.284-47.821 11.412-42.867 11.412-132.305 11.412-132.305s0-89.438-11.412-132.305zm-317.51 213.508V175.185l142.739 81.205-142.739 81.201z\" class=\"\"><\/path><\/svg>                    <\/div>\n                                <span class=\"sby_loader sby_hidden\" style=\"background-color: rgb(255, 255, 255);\"><\/span>\n            <\/a>\n\n                    <\/div>\n    <\/div>\n<\/div><div class=\"sby_item  sby_new sby_transition\" id=\"sby_VVVkTF95Skgxem5yZDhzNEUwYjJDZWVBLl81OVh4ZUZxMk5z\" data-date=\"1775501940\" data-video-id=\"_59XxeFq2Ns\">\n    <div class=\"sby_inner_item\">\n        <div class=\"sby_video_thumbnail_wrap sby_item_video_thumbnail_wrap\">\n            <a class=\"sby_video_thumbnail sby_item_video_thumbnail\" href=\"https:\/\/www.youtube.com\/watch?v=_59XxeFq2Ns\" target=\"_blank\" rel=\"noopener\" data-full-res=\"https:\/\/i.ytimg.com\/vi\/_59XxeFq2Ns\/maxresdefault.jpg\" data-img-src-set=\"{&quot;120&quot;:&quot;https:\\\/\\\/i.ytimg.com\\\/vi\\\/_59XxeFq2Ns\\\/default.jpg&quot;,&quot;320&quot;:&quot;https:\\\/\\\/i.ytimg.com\\\/vi\\\/_59XxeFq2Ns\\\/mqdefault.jpg&quot;,&quot;480&quot;:&quot;https:\\\/\\\/i.ytimg.com\\\/vi\\\/_59XxeFq2Ns\\\/hqdefault.jpg&quot;,&quot;640&quot;:&quot;https:\\\/\\\/i.ytimg.com\\\/vi\\\/_59XxeFq2Ns\\\/sddefault.jpg&quot;}\" data-video-id=\"_59XxeFq2Ns\" data-video-title=\"152 a\u00f1os al servicio de los intereses de Rep\u00fablica Dominicana en el \u00e1mbito internacional\">\n                <img decoding=\"async\" src=\"https:\/\/fra.mirex.gob.do\/consular\/marsella\/wp-content\/plugins\/feeds-for-youtube\/img\/placeholder.png\" alt=\"152 a\u00f1os al servicio de los intereses de Rep\u00fablica Dominicana en el \u00e1mbito internacional. \ud83c\udde9\ud83c\uddf4\n\nEl pasado 4 de abril conmemoramos un nuevo aniversario de nuestra Canciller\u00eda, una fecha que nos invita no solo a celebrar nuestra historia, sino tambi\u00e9n a renovar el compromiso de servir con integridad y sentido de Estado.\n\nReconocemos la labor de generaciones de diplom\u00e1ticos y servidores p\u00fablicos, y agradecemos a quienes hoy contin\u00faan fortaleciendo esta misi\u00f3n.\">\n\n                <div class=\"sby_thumbnail_hover sby_item_video_thumbnail_hover\">\n                    <div class=\"sby_thumbnail_hover_inner\">\n                                                    <span class=\"sby_video_title\" >152 a\u00f1os al servicio de los intereses de Rep\u00fablica Dominicana en el \u00e1mbito internacional<\/span>\n                                            <\/div>\n                <\/div>\n\n                                    <div class=\"sby_play_btn\" >\n                        <span class=\"sby_play_btn_bg\"><\/span>\n                        <svg aria-hidden=\"true\" focusable=\"false\" data-prefix=\"fab\" data-icon=\"youtube\" role=\"img\" xmlns=\"http:\/\/www.w3.org\/2000\/svg\" viewBox=\"0 0 576 512\" class=\"svg-inline--fa fa-youtube fa-w-18\"><path fill=\"currentColor\" d=\"M549.655 124.083c-6.281-23.65-24.787-42.276-48.284-48.597C458.781 64 288 64 288 64S117.22 64 74.629 75.486c-23.497 6.322-42.003 24.947-48.284 48.597-11.412 42.867-11.412 132.305-11.412 132.305s0 89.438 11.412 132.305c6.281 23.65 24.787 41.5 48.284 47.821C117.22 448 288 448 288 448s170.78 0 213.371-11.486c23.497-6.321 42.003-24.171 48.284-47.821 11.412-42.867 11.412-132.305 11.412-132.305s0-89.438-11.412-132.305zm-317.51 213.508V175.185l142.739 81.205-142.739 81.201z\" class=\"\"><\/path><\/svg>                    <\/div>\n                                <span class=\"sby_loader sby_hidden\" style=\"background-color: rgb(255, 255, 255);\"><\/span>\n            <\/a>\n\n                    <\/div>\n    <\/div>\n<\/div><div class=\"sby_item  sby_new sby_transition\" id=\"sby_VVVkTF95Skgxem5yZDhzNEUwYjJDZWVBLi1ENHA3MWh4RnA4\" data-date=\"1774276009\" data-video-id=\"-D4p71hxFp8\">\n    <div class=\"sby_inner_item\">\n        <div class=\"sby_video_thumbnail_wrap sby_item_video_thumbnail_wrap\">\n            <a class=\"sby_video_thumbnail sby_item_video_thumbnail\" href=\"https:\/\/www.youtube.com\/watch?v=-D4p71hxFp8\" target=\"_blank\" rel=\"noopener\" data-full-res=\"https:\/\/i.ytimg.com\/vi\/-D4p71hxFp8\/maxresdefault.jpg\" data-img-src-set=\"{&quot;120&quot;:&quot;https:\\\/\\\/i.ytimg.com\\\/vi\\\/-D4p71hxFp8\\\/default.jpg&quot;,&quot;320&quot;:&quot;https:\\\/\\\/i.ytimg.com\\\/vi\\\/-D4p71hxFp8\\\/mqdefault.jpg&quot;,&quot;480&quot;:&quot;https:\\\/\\\/i.ytimg.com\\\/vi\\\/-D4p71hxFp8\\\/hqdefault.jpg&quot;,&quot;640&quot;:&quot;https:\\\/\\\/i.ytimg.com\\\/vi\\\/-D4p71hxFp8\\\/sddefault.jpg&quot;}\" data-video-id=\"-D4p71hxFp8\" data-video-title=\"\ud83d\udcf9Descubre algunas de las acciones que fortalecieron la pol\u00edtica exterior dominicana en 2025.\">\n                <img decoding=\"async\" src=\"https:\/\/fra.mirex.gob.do\/consular\/marsella\/wp-content\/plugins\/feeds-for-youtube\/img\/placeholder.png\" alt=\"\ud83d\udcf9Descubre algunas de las acciones que fortalecieron la pol\u00edtica exterior dominicana en 2025. \n\nA trav\u00e9s de estrategias proactivas y orientadas a resultados, en el #MIREX trabajamos arduamente el a\u00f1o pasado para fomentar un multilateralismo efectivo y relaciones bilaterales fortalecidas.\ud83c\udde9\ud83c\uddf4\ud83e\udd1d\ud83c\udf0d\">\n\n                <div class=\"sby_thumbnail_hover sby_item_video_thumbnail_hover\">\n                    <div class=\"sby_thumbnail_hover_inner\">\n                                                    <span class=\"sby_video_title\" >\ud83d\udcf9Descubre algunas de las acciones que fortalecieron la pol\u00edtica exterior dominicana en 2025.<\/span>\n                                            <\/div>\n                <\/div>\n\n                                    <div class=\"sby_play_btn\" >\n                        <span class=\"sby_play_btn_bg\"><\/span>\n                        <svg aria-hidden=\"true\" focusable=\"false\" data-prefix=\"fab\" data-icon=\"youtube\" role=\"img\" xmlns=\"http:\/\/www.w3.org\/2000\/svg\" viewBox=\"0 0 576 512\" class=\"svg-inline--fa fa-youtube fa-w-18\"><path fill=\"currentColor\" d=\"M549.655 124.083c-6.281-23.65-24.787-42.276-48.284-48.597C458.781 64 288 64 288 64S117.22 64 74.629 75.486c-23.497 6.322-42.003 24.947-48.284 48.597-11.412 42.867-11.412 132.305-11.412 132.305s0 89.438 11.412 132.305c6.281 23.65 24.787 41.5 48.284 47.821C117.22 448 288 448 288 448s170.78 0 213.371-11.486c23.497-6.321 42.003-24.171 48.284-47.821 11.412-42.867 11.412-132.305 11.412-132.305s0-89.438-11.412-132.305zm-317.51 213.508V175.185l142.739 81.205-142.739 81.201z\" class=\"\"><\/path><\/svg>                    <\/div>\n                                <span class=\"sby_loader sby_hidden\" style=\"background-color: rgb(255, 255, 255);\"><\/span>\n            <\/a>\n\n                    <\/div>\n    <\/div>\n<\/div><div class=\"sby_item  sby_new sby_transition\" id=\"sby_VVVkTF95Skgxem5yZDhzNEUwYjJDZWVBLkZFTHhiZ0Z1U3dR\" data-date=\"1772482191\" data-video-id=\"FELxbgFuSwQ\">\n    <div class=\"sby_inner_item\">\n        <div class=\"sby_video_thumbnail_wrap sby_item_video_thumbnail_wrap\">\n            <a class=\"sby_video_thumbnail sby_item_video_thumbnail\" href=\"https:\/\/www.youtube.com\/watch?v=FELxbgFuSwQ\" target=\"_blank\" rel=\"noopener\" data-full-res=\"https:\/\/i.ytimg.com\/vi\/FELxbgFuSwQ\/maxresdefault.jpg\" data-img-src-set=\"{&quot;120&quot;:&quot;https:\\\/\\\/i.ytimg.com\\\/vi\\\/FELxbgFuSwQ\\\/default.jpg&quot;,&quot;320&quot;:&quot;https:\\\/\\\/i.ytimg.com\\\/vi\\\/FELxbgFuSwQ\\\/mqdefault.jpg&quot;,&quot;480&quot;:&quot;https:\\\/\\\/i.ytimg.com\\\/vi\\\/FELxbgFuSwQ\\\/hqdefault.jpg&quot;,&quot;640&quot;:&quot;https:\\\/\\\/i.ytimg.com\\\/vi\\\/FELxbgFuSwQ\\\/sddefault.jpg&quot;}\" data-video-id=\"FELxbgFuSwQ\" data-video-title=\"Canciller Roberto \u00c1lvarez orador de la 6ta Edici\u00f3n de la C\u00e1tedra Juan Pablo Duarte del TC.\">\n                <img decoding=\"async\" src=\"https:\/\/fra.mirex.gob.do\/consular\/marsella\/wp-content\/plugins\/feeds-for-youtube\/img\/placeholder.png\" alt=\"El ministro de Relaciones Exteriores, Roberto \u00c1lvarez, fue el orador de la sexta edici\u00f3n de la C\u00e1tedra Juan Pablo Duarte del Tribunal Constitucional, con la conferencia magistral: \u201cSoberan\u00eda, Constituci\u00f3n y derecho internacional: una relaci\u00f3n necesaria\u201d.\n\nEn el evento acad\u00e9mico, que busca promocionar los valores constitucionales, estuvieron presentes el presidente de Tribunal Constitucional, magistrado Napole\u00f3n R. Est\u00e9vez Lavandier; el juez presidente de Tribunal Superior Electoral, Ygnacio Pascual Camacho Hidalgo; el rector de la PUCMM, reverendo padre doctor Secilio Espinal. As\u00ed como, jueces de la Suprema Corte de Justicia, representantes del cuerpo diplom\u00e1tico, de los cuerpos castrense, de la sociedad civil y estudiantes.\n\nAdem\u00e1s, acompa\u00f1aron a canciller, los viceministros del Ministerio de Relaciones Exteriores, Rub\u00e9n Silie, Opinio D\u00edaz, Celin\u00e9s Toribio y directores del #MIREXRD.\">\n\n                <div class=\"sby_thumbnail_hover sby_item_video_thumbnail_hover\">\n                    <div class=\"sby_thumbnail_hover_inner\">\n                                                    <span class=\"sby_video_title\" >Canciller Roberto \u00c1lvarez orador de la 6ta Edici\u00f3n de la C\u00e1tedra Juan Pablo Duarte del TC.<\/span>\n                                            <\/div>\n                <\/div>\n\n                                    <div class=\"sby_play_btn\" >\n                        <span class=\"sby_play_btn_bg\"><\/span>\n                        <svg aria-hidden=\"true\" focusable=\"false\" data-prefix=\"fab\" data-icon=\"youtube\" role=\"img\" xmlns=\"http:\/\/www.w3.org\/2000\/svg\" viewBox=\"0 0 576 512\" class=\"svg-inline--fa fa-youtube fa-w-18\"><path fill=\"currentColor\" d=\"M549.655 124.083c-6.281-23.65-24.787-42.276-48.284-48.597C458.781 64 288 64 288 64S117.22 64 74.629 75.486c-23.497 6.322-42.003 24.947-48.284 48.597-11.412 42.867-11.412 132.305-11.412 132.305s0 89.438 11.412 132.305c6.281 23.65 24.787 41.5 48.284 47.821C117.22 448 288 448 288 448s170.78 0 213.371-11.486c23.497-6.321 42.003-24.171 48.284-47.821 11.412-42.867 11.412-132.305 11.412-132.305s0-89.438-11.412-132.305zm-317.51 213.508V175.185l142.739 81.205-142.739 81.201z\" class=\"\"><\/path><\/svg>                    <\/div>\n                                <span class=\"sby_loader sby_hidden\" style=\"background-color: rgb(255, 255, 255);\"><\/span>\n            <\/a>\n\n                    <\/div>\n    <\/div>\n<\/div><div class=\"sby_item  sby_new sby_transition\" id=\"sby_VVVkTF95Skgxem5yZDhzNEUwYjJDZWVBLkRfb3FyaWg1M3Yw\" data-date=\"1771617047\" data-video-id=\"D_oqrih53v0\">\n    <div class=\"sby_inner_item\">\n        <div class=\"sby_video_thumbnail_wrap sby_item_video_thumbnail_wrap\">\n            <a class=\"sby_video_thumbnail sby_item_video_thumbnail\" href=\"https:\/\/www.youtube.com\/watch?v=D_oqrih53v0\" target=\"_blank\" rel=\"noopener\" data-full-res=\"https:\/\/i.ytimg.com\/vi\/D_oqrih53v0\/maxresdefault.jpg\" data-img-src-set=\"{&quot;120&quot;:&quot;https:\\\/\\\/i.ytimg.com\\\/vi\\\/D_oqrih53v0\\\/default.jpg&quot;,&quot;320&quot;:&quot;https:\\\/\\\/i.ytimg.com\\\/vi\\\/D_oqrih53v0\\\/mqdefault.jpg&quot;,&quot;480&quot;:&quot;https:\\\/\\\/i.ytimg.com\\\/vi\\\/D_oqrih53v0\\\/hqdefault.jpg&quot;,&quot;640&quot;:&quot;https:\\\/\\\/i.ytimg.com\\\/vi\\\/D_oqrih53v0\\\/sddefault.jpg&quot;}\" data-video-id=\"D_oqrih53v0\" data-video-title=\"Entrevista canciller Roberto \u00c1lvarez en Grupo de Medios Corripio\">\n                <img decoding=\"async\" src=\"https:\/\/fra.mirex.gob.do\/consular\/marsella\/wp-content\/plugins\/feeds-for-youtube\/img\/placeholder.png\" alt=\"\">\n\n                <div class=\"sby_thumbnail_hover sby_item_video_thumbnail_hover\">\n                    <div class=\"sby_thumbnail_hover_inner\">\n                                                    <span class=\"sby_video_title\" >Entrevista canciller Roberto \u00c1lvarez en Grupo de Medios Corripio<\/span>\n                                            <\/div>\n                <\/div>\n\n                                    <div class=\"sby_play_btn\" >\n                        <span class=\"sby_play_btn_bg\"><\/span>\n                        <svg aria-hidden=\"true\" focusable=\"false\" data-prefix=\"fab\" data-icon=\"youtube\" role=\"img\" xmlns=\"http:\/\/www.w3.org\/2000\/svg\" viewBox=\"0 0 576 512\" class=\"svg-inline--fa fa-youtube fa-w-18\"><path fill=\"currentColor\" d=\"M549.655 124.083c-6.281-23.65-24.787-42.276-48.284-48.597C458.781 64 288 64 288 64S117.22 64 74.629 75.486c-23.497 6.322-42.003 24.947-48.284 48.597-11.412 42.867-11.412 132.305-11.412 132.305s0 89.438 11.412 132.305c6.281 23.65 24.787 41.5 48.284 47.821C117.22 448 288 448 288 448s170.78 0 213.371-11.486c23.497-6.321 42.003-24.171 48.284-47.821 11.412-42.867 11.412-132.305 11.412-132.305s0-89.438-11.412-132.305zm-317.51 213.508V175.185l142.739 81.205-142.739 81.201z\" class=\"\"><\/path><\/svg>                    <\/div>\n                                <span class=\"sby_loader sby_hidden\" style=\"background-color: rgb(255, 255, 255);\"><\/span>\n            <\/a>\n\n                    <\/div>\n    <\/div>\n<\/div>    <\/div>\n    \n\t<div class=\"sby_footer\">\n\n    <button type=\"button\" aria-label=\"Load more content\" class=\"sby_load_btn\"  >\n        <span class=\"sby_btn_text\" >Ver m\u00e1s...<\/span>\n        <span class=\"sby_loader sby_hidden\" style=\"background-color: rgb(255, 255, 255);\"><\/span>\n    <\/button>\n\n    <span \n        class=\"sby_follow_btn\" \n            >\n        <a \n            href=\"https:\/\/www.youtube.com\/channel\/UCdL_yJH1znrd8s4E0b2CeeA\/\"\n             \n            target=\"_blank\" \n            rel=\"noopener\"\n        >\n            <svg aria-hidden=\"true\" focusable=\"false\" data-prefix=\"fab\" data-icon=\"youtube\" role=\"img\" xmlns=\"http:\/\/www.w3.org\/2000\/svg\" viewBox=\"0 0 576 512\" class=\"svg-inline--fa fa-youtube fa-w-18\"><path fill=\"currentColor\" d=\"M549.655 124.083c-6.281-23.65-24.787-42.276-48.284-48.597C458.781 64 288 64 288 64S117.22 64 74.629 75.486c-23.497 6.322-42.003 24.947-48.284 48.597-11.412 42.867-11.412 132.305-11.412 132.305s0 89.438 11.412 132.305c6.281 23.65 24.787 41.5 48.284 47.821C117.22 448 288 448 288 448s170.78 0 213.371-11.486c23.497-6.321 42.003-24.171 48.284-47.821 11.412-42.867 11.412-132.305 11.412-132.305s0-89.438-11.412-132.305zm-317.51 213.508V175.185l142.739 81.205-142.739 81.201z\" class=\"\"><\/path><\/svg>            <span  >\n                Suscribir            <\/span>\n        <\/a>\n    <\/span>\n<\/div>\n    \n\t\n<\/div>\n\n\t<style type=\"text\/css\">\n\t\t\t\t\t\t\tbody #sb_youtube_sbyUCdLyJH1znrd8s4E0b2CeeA6.sb_youtube.sby_palette_custom .sby_follow_btn a {\n\t\t\tbackground: #003870;\n\t\t}\n    \t\t\tbody #sb_youtube_sbyUCdLyJH1znrd8s4E0b2CeeA6.sb_youtube.sby_palette_custom .sby_footer .sby_load_btn {\n\t\t\tbackground: #EF3340;\n\t\t}\n        <\/style>\n\t<style type=\"text\/css\">body #sb_youtube_sbyUCdLyJH1znrd8s4E0b2CeeA6 .sby_caption_wrap .sby_caption { font-size: 13px !important}body #sb_youtube_sbyUCdLyJH1znrd8s4E0b2CeeA6 .sby_follow_btn a:hover { box-shadow:inset 0 0 10px 20px #0072CF !important}body #sb_youtube_sbyUCdLyJH1znrd8s4E0b2CeeA6[data-videostyle=boxed] .sby_items_wrap .sby_item .sby_inner_item { background-color: #ffffff !important}<\/style><\/div>\n\t\t\t\t\t\t<\/div>\n\t\t\t\t<\/div>\n\t\t\t\t\t<\/div>\n\t\t<\/div>\n\t\t\t\t\t<\/div>\n\t\t<\/section>\n\t\t\t\t<\/div>\n\t\t","protected":false},"excerpt":{"rendered":"<p>E-TICKET Formulario obligatorio para entrada y salida de la Rep\u00fablica Dominicana \u00a1Ahorra tiempo! \u00a1Ll\u00e9nalo aqui! Servicios Pasaportes Expedici\u00f3n Visa Legalizaci\u00f3n Certificaciones Nacimiento Poderes Notariales Ver todos \u00daltimas Noticias Multimedia<\/p>\n","protected":false},"author":1,"featured_media":0,"parent":0,"menu_order":0,"comment_status":"closed","ping_status":"closed","template":"","meta":{"site-sidebar-layout":"no-sidebar","site-content-layout":"page-builder","ast-site-content-layout":"default","site-content-style":"default","site-sidebar-style":"default","ast-global-header-display":"","ast-banner-title-visibility":"","ast-main-header-display":"","ast-hfb-above-header-display":"","ast-hfb-below-header-display":"","ast-hfb-mobile-header-display":"","site-post-title":"disabled","ast-breadcrumbs-content":"","ast-featured-img":"disabled","footer-sml-layout":"","ast-disable-related-posts":"","theme-transparent-header-meta":"default","adv-header-id-meta":"","stick-header-meta":"","header-above-stick-meta":"","header-main-stick-meta":"","header-below-stick-meta":"","astra-migrate-meta-layouts":"default","ast-page-background-enabled":"default","ast-page-background-meta":{"desktop":{"background-color":"","background-image":"","background-repeat":"repeat","background-position":"center center","background-size":"auto","background-attachment":"scroll","background-type":"","background-media":"","overlay-type":"","overlay-color":"","overlay-opacity":"","overlay-gradient":""},"tablet":{"background-color":"","background-image":"","background-repeat":"repeat","background-position":"center center","background-size":"auto","background-attachment":"scroll","background-type":"","background-media":"","overlay-type":"","overlay-color":"","overlay-opacity":"","overlay-gradient":""},"mobile":{"background-color":"","background-image":"","background-repeat":"repeat","background-position":"center center","background-size":"auto","background-attachment":"scroll","background-type":"","background-media":"","overlay-type":"","overlay-color":"","overlay-opacity":"","overlay-gradient":""}},"ast-content-background-meta":{"desktop":{"background-color":"var(--ast-global-color-5)","background-image":"","background-repeat":"repeat","background-position":"center center","background-size":"auto","background-attachment":"scroll","background-type":"","background-media":"","overlay-type":"","overlay-color":"","overlay-opacity":"","overlay-gradient":""},"tablet":{"background-color":"var(--ast-global-color-5)","background-image":"","background-repeat":"repeat","background-position":"center center","background-size":"auto","background-attachment":"scroll","background-type":"","background-media":"","overlay-type":"","overlay-color":"","overlay-opacity":"","overlay-gradient":""},"mobile":{"background-color":"var(--ast-global-color-5)","background-image":"","background-repeat":"repeat","background-position":"center center","background-size":"auto","background-attachment":"scroll","background-type":"","background-media":"","overlay-type":"","overlay-color":"","overlay-opacity":"","overlay-gradient":""}},"footnotes":""},"categories":[],"tags":[],"class_list":["post-13","page","type-page","status-publish","hentry"],"yoast_head":"<!-- This site is optimized with the Yoast SEO plugin v27.5 - https:\/\/yoast.com\/product\/yoast-seo-wordpress\/ -->\n<title>Inicio - Consulado General de la Rep\u00fablica Dominicana en Marsella, Francia<\/title>\n<meta name=\"robots\" content=\"index, follow, max-snippet:-1, max-image-preview:large, max-video-preview:-1\" \/>\n<link rel=\"canonical\" href=\"https:\/\/fra.mirex.gob.do\/consular\/marsella\/\" \/>\n<meta property=\"og:locale\" content=\"en_US\" \/>\n<meta property=\"og:type\" content=\"article\" \/>\n<meta property=\"og:title\" content=\"Inicio - Consulado General de la Rep\u00fablica Dominicana en Marsella, Francia\" \/>\n<meta property=\"og:description\" content=\"E-TICKET Formulario obligatorio para entrada y salida de la Rep\u00fablica Dominicana \u00a1Ahorra tiempo! \u00a1Ll\u00e9nalo aqui! Servicios Pasaportes Expedici\u00f3n Visa Legalizaci\u00f3n Certificaciones Nacimiento Poderes Notariales Ver todos \u00daltimas Noticias Multimedia\" \/>\n<meta property=\"og:url\" content=\"https:\/\/fra.mirex.gob.do\/consular\/marsella\/\" \/>\n<meta property=\"og:site_name\" content=\"Consulado General de la Rep\u00fablica Dominicana en Marsella, Francia\" \/>\n<meta property=\"article:modified_time\" content=\"2024-02-14T15:26:22+00:00\" \/>\n<meta property=\"og:image\" content=\"https:\/\/fra.mirex.gob.do\/consular\/marsella\/wp-content\/uploads\/2022\/06\/auth-image.png\" \/>\n<meta name=\"twitter:card\" content=\"summary_large_image\" \/>\n<meta name=\"twitter:label1\" content=\"Est. reading time\" \/>\n\t<meta name=\"twitter:data1\" content=\"3 minutes\" \/>\n<script type=\"application\/ld+json\" class=\"yoast-schema-graph\">{\"@context\":\"https:\\\/\\\/schema.org\",\"@graph\":[{\"@type\":\"WebPage\",\"@id\":\"https:\\\/\\\/fra.mirex.gob.do\\\/consular\\\/marsella\\\/\",\"url\":\"https:\\\/\\\/fra.mirex.gob.do\\\/consular\\\/marsella\\\/\",\"name\":\"Inicio - Consulado General de la Rep\u00fablica Dominicana en Marsella, Francia\",\"isPartOf\":{\"@id\":\"https:\\\/\\\/fra.mirex.gob.do\\\/consular\\\/marsella\\\/#website\"},\"primaryImageOfPage\":{\"@id\":\"https:\\\/\\\/fra.mirex.gob.do\\\/consular\\\/marsella\\\/#primaryimage\"},\"image\":{\"@id\":\"https:\\\/\\\/fra.mirex.gob.do\\\/consular\\\/marsella\\\/#primaryimage\"},\"thumbnailUrl\":\"https:\\\/\\\/fra.mirex.gob.do\\\/consular\\\/marsella\\\/wp-content\\\/uploads\\\/2022\\\/06\\\/auth-image.png\",\"datePublished\":\"2021-07-09T16:00:06+00:00\",\"dateModified\":\"2024-02-14T15:26:22+00:00\",\"breadcrumb\":{\"@id\":\"https:\\\/\\\/fra.mirex.gob.do\\\/consular\\\/marsella\\\/#breadcrumb\"},\"inLanguage\":\"en-US\",\"potentialAction\":[{\"@type\":\"ReadAction\",\"target\":[\"https:\\\/\\\/fra.mirex.gob.do\\\/consular\\\/marsella\\\/\"]}]},{\"@type\":\"ImageObject\",\"inLanguage\":\"en-US\",\"@id\":\"https:\\\/\\\/fra.mirex.gob.do\\\/consular\\\/marsella\\\/#primaryimage\",\"url\":\"https:\\\/\\\/fra.mirex.gob.do\\\/consular\\\/marsella\\\/wp-content\\\/uploads\\\/2022\\\/06\\\/auth-image.png\",\"contentUrl\":\"https:\\\/\\\/fra.mirex.gob.do\\\/consular\\\/marsella\\\/wp-content\\\/uploads\\\/2022\\\/06\\\/auth-image.png\",\"width\":801,\"height\":418},{\"@type\":\"BreadcrumbList\",\"@id\":\"https:\\\/\\\/fra.mirex.gob.do\\\/consular\\\/marsella\\\/#breadcrumb\",\"itemListElement\":[{\"@type\":\"ListItem\",\"position\":1,\"name\":\"Inicio\",\"item\":\"https:\\\/\\\/fra.mirex.gob.do\\\/consular\\\/marsella\\\/\"},{\"@type\":\"ListItem\",\"position\":2,\"name\":\"Inicio\"}]},{\"@type\":\"WebSite\",\"@id\":\"https:\\\/\\\/fra.mirex.gob.do\\\/consular\\\/marsella\\\/#website\",\"url\":\"https:\\\/\\\/fra.mirex.gob.do\\\/consular\\\/marsella\\\/\",\"name\":\"Consulado General de la Rep\u00fablica Dominicana en Marsella, Francia\",\"description\":\"\",\"publisher\":{\"@id\":\"https:\\\/\\\/fra.mirex.gob.do\\\/consular\\\/marsella\\\/#organization\"},\"potentialAction\":[{\"@type\":\"SearchAction\",\"target\":{\"@type\":\"EntryPoint\",\"urlTemplate\":\"https:\\\/\\\/fra.mirex.gob.do\\\/consular\\\/marsella\\\/?s={search_term_string}\"},\"query-input\":{\"@type\":\"PropertyValueSpecification\",\"valueRequired\":true,\"valueName\":\"search_term_string\"}}],\"inLanguage\":\"en-US\"},{\"@type\":\"Organization\",\"@id\":\"https:\\\/\\\/fra.mirex.gob.do\\\/consular\\\/marsella\\\/#organization\",\"name\":\"Consulado General de la Rep\u00fablica Dominicana en Marsella, Francia\",\"url\":\"https:\\\/\\\/fra.mirex.gob.do\\\/consular\\\/marsella\\\/\",\"logo\":{\"@type\":\"ImageObject\",\"inLanguage\":\"en-US\",\"@id\":\"https:\\\/\\\/fra.mirex.gob.do\\\/consular\\\/marsella\\\/#\\\/schema\\\/logo\\\/image\\\/\",\"url\":\"https:\\\/\\\/fra.mirex.gob.do\\\/consular\\\/marsella\\\/wp-content\\\/uploads\\\/2022\\\/02\\\/CONSULADO-Marsella-Francia-RD-04.png\",\"contentUrl\":\"https:\\\/\\\/fra.mirex.gob.do\\\/consular\\\/marsella\\\/wp-content\\\/uploads\\\/2022\\\/02\\\/CONSULADO-Marsella-Francia-RD-04.png\",\"width\":4163,\"height\":1788,\"caption\":\"Consulado General de la Rep\u00fablica Dominicana en Marsella, Francia\"},\"image\":{\"@id\":\"https:\\\/\\\/fra.mirex.gob.do\\\/consular\\\/marsella\\\/#\\\/schema\\\/logo\\\/image\\\/\"}}]}<\/script>\n<!-- \/ Yoast SEO plugin. -->","yoast_head_json":{"title":"Inicio - Consulado General de la Rep\u00fablica Dominicana en Marsella, Francia","robots":{"index":"index","follow":"follow","max-snippet":"max-snippet:-1","max-image-preview":"max-image-preview:large","max-video-preview":"max-video-preview:-1"},"canonical":"https:\/\/fra.mirex.gob.do\/consular\/marsella\/","og_locale":"en_US","og_type":"article","og_title":"Inicio - Consulado General de la Rep\u00fablica Dominicana en Marsella, Francia","og_description":"E-TICKET Formulario obligatorio para entrada y salida de la Rep\u00fablica Dominicana \u00a1Ahorra tiempo! \u00a1Ll\u00e9nalo aqui! Servicios Pasaportes Expedici\u00f3n Visa Legalizaci\u00f3n Certificaciones Nacimiento Poderes Notariales Ver todos \u00daltimas Noticias Multimedia","og_url":"https:\/\/fra.mirex.gob.do\/consular\/marsella\/","og_site_name":"Consulado General de la Rep\u00fablica Dominicana en Marsella, Francia","article_modified_time":"2024-02-14T15:26:22+00:00","og_image":[{"url":"https:\/\/fra.mirex.gob.do\/consular\/marsella\/wp-content\/uploads\/2022\/06\/auth-image.png","type":"","width":"","height":""}],"twitter_card":"summary_large_image","twitter_misc":{"Est. reading time":"3 minutes"},"schema":{"@context":"https:\/\/schema.org","@graph":[{"@type":"WebPage","@id":"https:\/\/fra.mirex.gob.do\/consular\/marsella\/","url":"https:\/\/fra.mirex.gob.do\/consular\/marsella\/","name":"Inicio - Consulado General de la Rep\u00fablica Dominicana en Marsella, Francia","isPartOf":{"@id":"https:\/\/fra.mirex.gob.do\/consular\/marsella\/#website"},"primaryImageOfPage":{"@id":"https:\/\/fra.mirex.gob.do\/consular\/marsella\/#primaryimage"},"image":{"@id":"https:\/\/fra.mirex.gob.do\/consular\/marsella\/#primaryimage"},"thumbnailUrl":"https:\/\/fra.mirex.gob.do\/consular\/marsella\/wp-content\/uploads\/2022\/06\/auth-image.png","datePublished":"2021-07-09T16:00:06+00:00","dateModified":"2024-02-14T15:26:22+00:00","breadcrumb":{"@id":"https:\/\/fra.mirex.gob.do\/consular\/marsella\/#breadcrumb"},"inLanguage":"en-US","potentialAction":[{"@type":"ReadAction","target":["https:\/\/fra.mirex.gob.do\/consular\/marsella\/"]}]},{"@type":"ImageObject","inLanguage":"en-US","@id":"https:\/\/fra.mirex.gob.do\/consular\/marsella\/#primaryimage","url":"https:\/\/fra.mirex.gob.do\/consular\/marsella\/wp-content\/uploads\/2022\/06\/auth-image.png","contentUrl":"https:\/\/fra.mirex.gob.do\/consular\/marsella\/wp-content\/uploads\/2022\/06\/auth-image.png","width":801,"height":418},{"@type":"BreadcrumbList","@id":"https:\/\/fra.mirex.gob.do\/consular\/marsella\/#breadcrumb","itemListElement":[{"@type":"ListItem","position":1,"name":"Inicio","item":"https:\/\/fra.mirex.gob.do\/consular\/marsella\/"},{"@type":"ListItem","position":2,"name":"Inicio"}]},{"@type":"WebSite","@id":"https:\/\/fra.mirex.gob.do\/consular\/marsella\/#website","url":"https:\/\/fra.mirex.gob.do\/consular\/marsella\/","name":"Consulado General de la Rep\u00fablica Dominicana en Marsella, Francia","description":"","publisher":{"@id":"https:\/\/fra.mirex.gob.do\/consular\/marsella\/#organization"},"potentialAction":[{"@type":"SearchAction","target":{"@type":"EntryPoint","urlTemplate":"https:\/\/fra.mirex.gob.do\/consular\/marsella\/?s={search_term_string}"},"query-input":{"@type":"PropertyValueSpecification","valueRequired":true,"valueName":"search_term_string"}}],"inLanguage":"en-US"},{"@type":"Organization","@id":"https:\/\/fra.mirex.gob.do\/consular\/marsella\/#organization","name":"Consulado General de la Rep\u00fablica Dominicana en Marsella, Francia","url":"https:\/\/fra.mirex.gob.do\/consular\/marsella\/","logo":{"@type":"ImageObject","inLanguage":"en-US","@id":"https:\/\/fra.mirex.gob.do\/consular\/marsella\/#\/schema\/logo\/image\/","url":"https:\/\/fra.mirex.gob.do\/consular\/marsella\/wp-content\/uploads\/2022\/02\/CONSULADO-Marsella-Francia-RD-04.png","contentUrl":"https:\/\/fra.mirex.gob.do\/consular\/marsella\/wp-content\/uploads\/2022\/02\/CONSULADO-Marsella-Francia-RD-04.png","width":4163,"height":1788,"caption":"Consulado General de la Rep\u00fablica Dominicana en Marsella, Francia"},"image":{"@id":"https:\/\/fra.mirex.gob.do\/consular\/marsella\/#\/schema\/logo\/image\/"}}]}},"_links":{"self":[{"href":"https:\/\/fra.mirex.gob.do\/consular\/marsella\/wp-json\/wp\/v2\/pages\/13","targetHints":{"allow":["GET"]}}],"collection":[{"href":"https:\/\/fra.mirex.gob.do\/consular\/marsella\/wp-json\/wp\/v2\/pages"}],"about":[{"href":"https:\/\/fra.mirex.gob.do\/consular\/marsella\/wp-json\/wp\/v2\/types\/page"}],"author":[{"embeddable":true,"href":"https:\/\/fra.mirex.gob.do\/consular\/marsella\/wp-json\/wp\/v2\/users\/1"}],"replies":[{"embeddable":true,"href":"https:\/\/fra.mirex.gob.do\/consular\/marsella\/wp-json\/wp\/v2\/comments?post=13"}],"version-history":[{"count":1207,"href":"https:\/\/fra.mirex.gob.do\/consular\/marsella\/wp-json\/wp\/v2\/pages\/13\/revisions"}],"predecessor-version":[{"id":6206,"href":"https:\/\/fra.mirex.gob.do\/consular\/marsella\/wp-json\/wp\/v2\/pages\/13\/revisions\/6206"}],"wp:attachment":[{"href":"https:\/\/fra.mirex.gob.do\/consular\/marsella\/wp-json\/wp\/v2\/media?parent=13"}],"wp:term":[{"taxonomy":"category","embeddable":true,"href":"https:\/\/fra.mirex.gob.do\/consular\/marsella\/wp-json\/wp\/v2\/categories?post=13"},{"taxonomy":"post_tag","embeddable":true,"href":"https:\/\/fra.mirex.gob.do\/consular\/marsella\/wp-json\/wp\/v2\/tags?post=13"}],"curies":[{"name":"wp","href":"https:\/\/api.w.org\/{rel}","templated":true}]}}